{"id":1369,"date":"2019-05-07T14:45:44","date_gmt":"2019-05-07T14:45:44","guid":{"rendered":"https:\/\/www.lapalma6.com\/?page_id=1369"},"modified":"2025-02-12T10:58:41","modified_gmt":"2025-02-12T10:58:41","slug":"sobre-mi","status":"publish","type":"page","link":"https:\/\/www.lapalma6.com\/ca\/sobre-mi\/","title":{"rendered":"SOBRE M\u00cd"},"content":{"rendered":"<div data-elementor-type=\"wp-page\" data-elementor-id=\"1369\" class=\"elementor elementor-1369\" data-elementor-post-type=\"page\">\n\t\t\t\t<div class=\"elementor-element elementor-element-7e2c9d77 e-con-full e-flex e-con e-parent\" data-id=\"7e2c9d77\" data-element_type=\"container\" data-e-type=\"container\" data-settings=\"{&quot;background_background&quot;:&quot;classic&quot;}\">\n\t\t<div class=\"elementor-element elementor-element-7151bb23 e-con-full e-flex e-con e-child\" data-id=\"7151bb23\" data-element_type=\"container\" data-e-type=\"container\">\n\t\t\t\t<div class=\"elementor-element elementor-element-af86afa elementor-widget elementor-widget-image\" data-id=\"af86afa\" data-element_type=\"widget\" data-e-type=\"widget\" data-widget_type=\"image.default\">\n\t\t\t\t<div class=\"elementor-widget-container\">\n\t\t\t\t\t\t\t\t\t\t\t\t\t\t\t<img fetchpriority=\"high\" decoding=\"async\" width=\"683\" height=\"1024\" src=\"https:\/\/www.lapalma6.com\/wp-content\/uploads\/2025\/02\/Newborn_Aina_LaPalma6-5-683x1024.jpg\" class=\"attachment-large size-large wp-image-2892\" alt=\"\" srcset=\"https:\/\/www.lapalma6.com\/wp-content\/uploads\/2025\/02\/Newborn_Aina_LaPalma6-5-683x1024.jpg 683w, https:\/\/www.lapalma6.com\/wp-content\/uploads\/2025\/02\/Newborn_Aina_LaPalma6-5-200x300.jpg 200w, https:\/\/www.lapalma6.com\/wp-content\/uploads\/2025\/02\/Newborn_Aina_LaPalma6-5-768x1152.jpg 768w, https:\/\/www.lapalma6.com\/wp-content\/uploads\/2025\/02\/Newborn_Aina_LaPalma6-5-1024x1536.jpg 1024w, https:\/\/www.lapalma6.com\/wp-content\/uploads\/2025\/02\/Newborn_Aina_LaPalma6-5-1365x2048.jpg 1365w\" sizes=\"(max-width: 683px) 100vw, 683px\" \/>\t\t\t\t\t\t\t\t\t\t\t\t\t\t\t<\/div>\n\t\t\t\t<\/div>\n\t\t\t\t<\/div>\n\t\t<div class=\"elementor-element elementor-element-35bb8f5 e-con-full e-flex e-con e-child\" data-id=\"35bb8f5\" data-element_type=\"container\" data-e-type=\"container\">\n\t\t\t\t<div class=\"elementor-element elementor-element-91c161e elementor-widget elementor-widget-heading\" data-id=\"91c161e\" data-element_type=\"widget\" data-e-type=\"widget\" data-widget_type=\"heading.default\">\n\t\t\t\t<div class=\"elementor-widget-container\">\n\t\t\t\t\t<h2 class=\"elementor-heading-title elementor-size-default\">FOT\u00d3GRAFA<\/h2>\t\t\t\t<\/div>\n\t\t\t\t<\/div>\n\t\t\t\t<div class=\"elementor-element elementor-element-fdfd360 elementor-widget elementor-widget-heading\" data-id=\"fdfd360\" data-element_type=\"widget\" data-e-type=\"widget\" data-widget_type=\"heading.default\">\n\t\t\t\t<div class=\"elementor-widget-container\">\n\t\t\t\t\t<h2 class=\"elementor-heading-title elementor-size-default\">CARLA<\/h2>\t\t\t\t<\/div>\n\t\t\t\t<\/div>\n\t\t\t\t<div class=\"elementor-element elementor-element-95fb3cc elementor-widget__width-initial elementor-widget elementor-widget-text-editor\" data-id=\"95fb3cc\" data-element_type=\"widget\" data-e-type=\"widget\" data-widget_type=\"text-editor.default\">\n\t\t\t\t<div class=\"elementor-widget-container\">\n\t\t\t\t\t\t\t\t\t<p>Me llamo Carla y soy fot\u00f3grafa. Tambi\u00e9n soy otras cosas, pero me despierto pensando en fotografia y me voy a dormir haciendo lo mismo. La fotograf\u00eda es mi pasi\u00f3n pero peleo cada d\u00eda contra el tiempo y la frustaci\u00f3n por conseguir un trabajo que exceda vuestras expectativas. Tengo un estilo m\u00e1s bien editorial; me gusta cuidar cada detalle y amo la luz natural. Soy de blancos y pocos artificios &#8211; una buena fotograf\u00eda no necesita ninguna triqui\u00f1uela. Busco ese gesto que pod\u00e1is ver a\u00f1o tras a\u00f1o y al que no sep\u00e1is ponerle fecha. Pero sobretodo, busco parar el tiempo en un mundo en el que todo pasa muy r\u00e1pido.<\/p>\t\t\t\t\t\t\t\t<\/div>\n\t\t\t\t<\/div>\n\t\t\t\t<\/div>\n\t\t\t\t<\/div>\n\t\t\t\t<\/div>","protected":false},"excerpt":{"rendered":"<p>FOT\u00d3GRAFA CARLA Me llamo Carla y soy fot\u00f3grafa. Tambi\u00e9n soy otras cosas, pero me despierto pensando en fotografia y me voy a dormir haciendo lo mismo. La fotograf\u00eda es mi pasi\u00f3n pero peleo cada d\u00eda contra el tiempo y la frustaci\u00f3n por conseguir un trabajo que exceda vuestras expectativas. Tengo un estilo m\u00e1s bien editorial; [&hellip;]<\/p>\n","protected":false},"author":1,"featured_media":0,"parent":0,"menu_order":0,"comment_status":"closed","ping_status":"closed","template":"","meta":{"footnotes":""},"class_list":["post-1369","page","type-page","status-publish","hentry"],"yoast_head":"<!-- This site is optimized with the Yoast SEO plugin v27.5 - https:\/\/yoast.com\/product\/yoast-seo-wordpress\/ -->\n<title>SOBRE M\u00cd - La Palma 6<\/title>\n<meta name=\"robots\" content=\"index, follow, max-snippet:-1, max-image-preview:large, max-video-preview:-1\" \/>\n<link rel=\"canonical\" href=\"https:\/\/www.lapalma6.com\/ca\/sobre-mi\/\" \/>\n<meta property=\"og:locale\" content=\"ca_ES\" \/>\n<meta property=\"og:type\" content=\"article\" \/>\n<meta property=\"og:title\" content=\"SOBRE M\u00cd - La Palma 6\" \/>\n<meta property=\"og:description\" content=\"FOT\u00d3GRAFA CARLA Me llamo Carla y soy fot\u00f3grafa. Tambi\u00e9n soy otras cosas, pero me despierto pensando en fotografia y me voy a dormir haciendo lo mismo. La fotograf\u00eda es mi pasi\u00f3n pero peleo cada d\u00eda contra el tiempo y la frustaci\u00f3n por conseguir un trabajo que exceda vuestras expectativas. Tengo un estilo m\u00e1s bien editorial; [&hellip;]\" \/>\n<meta property=\"og:url\" content=\"https:\/\/www.lapalma6.com\/ca\/sobre-mi\/\" \/>\n<meta property=\"og:site_name\" content=\"La Palma 6\" \/>\n<meta property=\"article:modified_time\" content=\"2025-02-12T10:58:41+00:00\" \/>\n<meta property=\"og:image\" content=\"https:\/\/www.lapalma6.com\/wp-content\/uploads\/2025\/02\/Newborn_Aina_LaPalma6-5-683x1024.jpg\" \/>\n\t<meta property=\"og:image:width\" content=\"683\" \/>\n\t<meta property=\"og:image:height\" content=\"1024\" \/>\n\t<meta property=\"og:image:type\" content=\"image\/jpeg\" \/>\n<meta name=\"twitter:card\" content=\"summary_large_image\" \/>\n<meta name=\"twitter:label1\" content=\"Est. reading time\" \/>\n\t<meta name=\"twitter:data1\" content=\"1 minut\" \/>\n<script type=\"application\/ld+json\" class=\"yoast-schema-graph\">{\"@context\":\"https:\\\/\\\/schema.org\",\"@graph\":[{\"@type\":\"WebPage\",\"@id\":\"https:\\\/\\\/www.lapalma6.com\\\/sobre-mi\\\/\",\"url\":\"https:\\\/\\\/www.lapalma6.com\\\/sobre-mi\\\/\",\"name\":\"SOBRE M\u00cd - La Palma 6\",\"isPartOf\":{\"@id\":\"https:\\\/\\\/www.lapalma6.com\\\/#website\"},\"primaryImageOfPage\":{\"@id\":\"https:\\\/\\\/www.lapalma6.com\\\/sobre-mi\\\/#primaryimage\"},\"image\":{\"@id\":\"https:\\\/\\\/www.lapalma6.com\\\/sobre-mi\\\/#primaryimage\"},\"thumbnailUrl\":\"https:\\\/\\\/www.lapalma6.com\\\/wp-content\\\/uploads\\\/2025\\\/02\\\/Newborn_Aina_LaPalma6-5-683x1024.jpg\",\"datePublished\":\"2019-05-07T14:45:44+00:00\",\"dateModified\":\"2025-02-12T10:58:41+00:00\",\"breadcrumb\":{\"@id\":\"https:\\\/\\\/www.lapalma6.com\\\/sobre-mi\\\/#breadcrumb\"},\"inLanguage\":\"ca\",\"potentialAction\":[{\"@type\":\"ReadAction\",\"target\":[\"https:\\\/\\\/www.lapalma6.com\\\/sobre-mi\\\/\"]}]},{\"@type\":\"ImageObject\",\"inLanguage\":\"ca\",\"@id\":\"https:\\\/\\\/www.lapalma6.com\\\/sobre-mi\\\/#primaryimage\",\"url\":\"https:\\\/\\\/www.lapalma6.com\\\/wp-content\\\/uploads\\\/2025\\\/02\\\/Newborn_Aina_LaPalma6-5-683x1024.jpg\",\"contentUrl\":\"https:\\\/\\\/www.lapalma6.com\\\/wp-content\\\/uploads\\\/2025\\\/02\\\/Newborn_Aina_LaPalma6-5-683x1024.jpg\"},{\"@type\":\"BreadcrumbList\",\"@id\":\"https:\\\/\\\/www.lapalma6.com\\\/sobre-mi\\\/#breadcrumb\",\"itemListElement\":[{\"@type\":\"ListItem\",\"position\":1,\"name\":\"Portada\",\"item\":\"https:\\\/\\\/www.lapalma6.com\\\/\"},{\"@type\":\"ListItem\",\"position\":2,\"name\":\"SOBRE M\u00cd\"}]},{\"@type\":\"WebSite\",\"@id\":\"https:\\\/\\\/www.lapalma6.com\\\/#website\",\"url\":\"https:\\\/\\\/www.lapalma6.com\\\/\",\"name\":\"La Palma 6\",\"description\":\"Fotograf&iacute;a de beb&eacute;s y familia en Lleida\",\"publisher\":{\"@id\":\"https:\\\/\\\/www.lapalma6.com\\\/#organization\"},\"potentialAction\":[{\"@type\":\"SearchAction\",\"target\":{\"@type\":\"EntryPoint\",\"urlTemplate\":\"https:\\\/\\\/www.lapalma6.com\\\/?s={search_term_string}\"},\"query-input\":{\"@type\":\"PropertyValueSpecification\",\"valueRequired\":true,\"valueName\":\"search_term_string\"}}],\"inLanguage\":\"ca\"},{\"@type\":\"Organization\",\"@id\":\"https:\\\/\\\/www.lapalma6.com\\\/#organization\",\"name\":\"La Palma 6\",\"url\":\"https:\\\/\\\/www.lapalma6.com\\\/\",\"logo\":{\"@type\":\"ImageObject\",\"inLanguage\":\"ca\",\"@id\":\"https:\\\/\\\/www.lapalma6.com\\\/#\\\/schema\\\/logo\\\/image\\\/\",\"url\":\"https:\\\/\\\/www.lapalma6.com\\\/wp-content\\\/uploads\\\/2019\\\/07\\\/veefqvfev.png\",\"contentUrl\":\"https:\\\/\\\/www.lapalma6.com\\\/wp-content\\\/uploads\\\/2019\\\/07\\\/veefqvfev.png\",\"width\":1000,\"height\":1000,\"caption\":\"La Palma 6 \"},\"image\":{\"@id\":\"https:\\\/\\\/www.lapalma6.com\\\/#\\\/schema\\\/logo\\\/image\\\/\"}}]}<\/script>\n<!-- \/ Yoast SEO plugin. -->","yoast_head_json":{"title":"SOBRE M\u00cd - La Palma 6","robots":{"index":"index","follow":"follow","max-snippet":"max-snippet:-1","max-image-preview":"max-image-preview:large","max-video-preview":"max-video-preview:-1"},"canonical":"https:\/\/www.lapalma6.com\/ca\/sobre-mi\/","og_locale":"ca_ES","og_type":"article","og_title":"SOBRE M\u00cd - La Palma 6","og_description":"FOT\u00d3GRAFA CARLA Me llamo Carla y soy fot\u00f3grafa. Tambi\u00e9n soy otras cosas, pero me despierto pensando en fotografia y me voy a dormir haciendo lo mismo. La fotograf\u00eda es mi pasi\u00f3n pero peleo cada d\u00eda contra el tiempo y la frustaci\u00f3n por conseguir un trabajo que exceda vuestras expectativas. Tengo un estilo m\u00e1s bien editorial; [&hellip;]","og_url":"https:\/\/www.lapalma6.com\/ca\/sobre-mi\/","og_site_name":"La Palma 6","article_modified_time":"2025-02-12T10:58:41+00:00","og_image":[{"width":683,"height":1024,"url":"https:\/\/www.lapalma6.com\/wp-content\/uploads\/2025\/02\/Newborn_Aina_LaPalma6-5-683x1024.jpg","type":"image\/jpeg"}],"twitter_card":"summary_large_image","twitter_misc":{"Est. reading time":"1 minut"},"schema":{"@context":"https:\/\/schema.org","@graph":[{"@type":"WebPage","@id":"https:\/\/www.lapalma6.com\/sobre-mi\/","url":"https:\/\/www.lapalma6.com\/sobre-mi\/","name":"SOBRE M\u00cd - La Palma 6","isPartOf":{"@id":"https:\/\/www.lapalma6.com\/#website"},"primaryImageOfPage":{"@id":"https:\/\/www.lapalma6.com\/sobre-mi\/#primaryimage"},"image":{"@id":"https:\/\/www.lapalma6.com\/sobre-mi\/#primaryimage"},"thumbnailUrl":"https:\/\/www.lapalma6.com\/wp-content\/uploads\/2025\/02\/Newborn_Aina_LaPalma6-5-683x1024.jpg","datePublished":"2019-05-07T14:45:44+00:00","dateModified":"2025-02-12T10:58:41+00:00","breadcrumb":{"@id":"https:\/\/www.lapalma6.com\/sobre-mi\/#breadcrumb"},"inLanguage":"ca","potentialAction":[{"@type":"ReadAction","target":["https:\/\/www.lapalma6.com\/sobre-mi\/"]}]},{"@type":"ImageObject","inLanguage":"ca","@id":"https:\/\/www.lapalma6.com\/sobre-mi\/#primaryimage","url":"https:\/\/www.lapalma6.com\/wp-content\/uploads\/2025\/02\/Newborn_Aina_LaPalma6-5-683x1024.jpg","contentUrl":"https:\/\/www.lapalma6.com\/wp-content\/uploads\/2025\/02\/Newborn_Aina_LaPalma6-5-683x1024.jpg"},{"@type":"BreadcrumbList","@id":"https:\/\/www.lapalma6.com\/sobre-mi\/#breadcrumb","itemListElement":[{"@type":"ListItem","position":1,"name":"Portada","item":"https:\/\/www.lapalma6.com\/"},{"@type":"ListItem","position":2,"name":"SOBRE M\u00cd"}]},{"@type":"WebSite","@id":"https:\/\/www.lapalma6.com\/#website","url":"https:\/\/www.lapalma6.com\/","name":"La Palma 6","description":"Fotograf&iacute;a de beb&eacute;s y familia en Lleida","publisher":{"@id":"https:\/\/www.lapalma6.com\/#organization"},"potentialAction":[{"@type":"SearchAction","target":{"@type":"EntryPoint","urlTemplate":"https:\/\/www.lapalma6.com\/?s={search_term_string}"},"query-input":{"@type":"PropertyValueSpecification","valueRequired":true,"valueName":"search_term_string"}}],"inLanguage":"ca"},{"@type":"Organization","@id":"https:\/\/www.lapalma6.com\/#organization","name":"La Palma 6","url":"https:\/\/www.lapalma6.com\/","logo":{"@type":"ImageObject","inLanguage":"ca","@id":"https:\/\/www.lapalma6.com\/#\/schema\/logo\/image\/","url":"https:\/\/www.lapalma6.com\/wp-content\/uploads\/2019\/07\/veefqvfev.png","contentUrl":"https:\/\/www.lapalma6.com\/wp-content\/uploads\/2019\/07\/veefqvfev.png","width":1000,"height":1000,"caption":"La Palma 6 "},"image":{"@id":"https:\/\/www.lapalma6.com\/#\/schema\/logo\/image\/"}}]}},"_links":{"self":[{"href":"https:\/\/www.lapalma6.com\/ca\/wp-json\/wp\/v2\/pages\/1369","targetHints":{"allow":["GET"]}}],"collection":[{"href":"https:\/\/www.lapalma6.com\/ca\/wp-json\/wp\/v2\/pages"}],"about":[{"href":"https:\/\/www.lapalma6.com\/ca\/wp-json\/wp\/v2\/types\/page"}],"author":[{"embeddable":true,"href":"https:\/\/www.lapalma6.com\/ca\/wp-json\/wp\/v2\/users\/1"}],"replies":[{"embeddable":true,"href":"https:\/\/www.lapalma6.com\/ca\/wp-json\/wp\/v2\/comments?post=1369"}],"version-history":[{"count":41,"href":"https:\/\/www.lapalma6.com\/ca\/wp-json\/wp\/v2\/pages\/1369\/revisions"}],"predecessor-version":[{"id":2933,"href":"https:\/\/www.lapalma6.com\/ca\/wp-json\/wp\/v2\/pages\/1369\/revisions\/2933"}],"wp:attachment":[{"href":"https:\/\/www.lapalma6.com\/ca\/wp-json\/wp\/v2\/media?parent=1369"}],"curies":[{"name":"wp","href":"https:\/\/api.w.org\/{rel}","templated":true}]}}